{"id":1031,"date":"2019-04-04T13:30:37","date_gmt":"2019-04-04T11:30:37","guid":{"rendered":"http:\/\/pruebas.catgas.cat\/?page_id=1031"},"modified":"2021-05-31T19:58:37","modified_gmt":"2021-05-31T17:58:37","slug":"tarifes-combo-2-empresa","status":"publish","type":"page","link":"https:\/\/catgas.cat\/es\/tarifes-combo-2-empresa\/","title":{"rendered":"Tarifas Catgas"},"content":{"rendered":"<p>[vc_row css_animation=&#8221;&#8221; row_type=&#8221;row&#8221; use_row_as_full_screen_section=&#8221;no&#8221; type=&#8221;grid&#8221; angled_section=&#8221;no&#8221; text_align=&#8221;left&#8221; background_image_as_pattern=&#8221;without_pattern&#8221; z_index=&#8221;&#8221;][vc_column][vc_column_text el_class=&#8221;combo-steps&#8221;]<\/p>\n<ul>\n<li class=\"step1\">Gas<\/li>\n<li class=\"step2 final active\">Luz<\/li>\n<\/ul>\n<p>[\/vc_column_text][\/vc_column][\/vc_row][vc_row css_animation=&#8221;&#8221; row_type=&#8221;row&#8221; use_row_as_full_screen_section=&#8221;no&#8221; type=&#8221;grid&#8221; angled_section=&#8221;no&#8221; text_align=&#8221;left&#8221; background_image_as_pattern=&#8221;without_pattern&#8221; z_index=&#8221;&#8221;][vc_column width=&#8221;1\/3&#8243;][vc_column_text el_class=&#8221;subtitle&#8221;]<\/p>\n<h2>Ahora escoge la tarifa de luz que m\u00e1s te interese<\/h2>\n<p>[\/vc_column_text][vc_column_text]Escoge la tarifa que mejor se ajuste a tu consumo, ahora todas con energ\u00eda renovable. Presta atenci\u00f3n a la potencia que necesitas contratar. Si quieres informaci\u00f3n sobre otras tarifas (6.1 TD y superiores), contacta con nosotros.[\/vc_column_text][\/vc_column][vc_column width=&#8221;2\/3&#8243;][vc_single_image image=&#8221;585&#8243; img_size=&#8221;full&#8221; qode_css_animation=&#8221;&#8221; el_class=&#8221;product-logo&#8221;][\/vc_column][\/vc_row][vc_row css_animation=&#8221;&#8221; row_type=&#8221;row&#8221; use_row_as_full_screen_section=&#8221;no&#8221; type=&#8221;grid&#8221; angled_section=&#8221;no&#8221; text_align=&#8221;left&#8221; background_image_as_pattern=&#8221;without_pattern&#8221; z_index=&#8221;&#8221;][vc_column][vc_column_text]<div class=\"query query-tarifes_llum_empresa-wrapper \">\n\t<div class=\"query-wrapper-content\">\n\t\t\n\t\t\n\t\t<div class=\"query-content\">\n\t\t\t<div class=\"query-unformatted query-tarifes_llum_empresa\">\n\t\n\t\t<div class=\"query-row query-row-even query-row-0 query-row-first\">\n\t\t\t\n\t\t\t\t\t\t\t\t\t\t\t\t\t\t\t<div class=\"query-field query-field-featured_image\">\n\t\t\t\t\t\t\t<img width=\"286\" height=\"79\" src=\"https:\/\/catgas.cat\/wp-content\/uploads\/2021\/05\/20td.png\" class=\"attachment-large size-large\" alt=\"\" \/>\t\t\t\t\t\t<\/div>\n\t\t\t\t\t\t\t\t\t\t\t\t\t\t\t\t\t\t\t\t<div class=\"query-field query-field-post_content\">\n\t\t\t\t\t\t\t<h2>2.0 <em>TD<\/em><\/h2>\r\n<h3>De 0 a 15 kW<\/h3>\r\n<div class=\"columns\">\r\n<div class=\"column\">\r\n<h4>Coste potencia anual<\/h4>\r\n<div class=\"ranges with-timetables\">\r\n<div class=\"range range-peak\"><span class=\"info\">Punta<\/span> <span class=\"range-suffix\">P1<\/span> <span class=\"price\">34,21 <em>\u20ac\/kW<\/em><\/span>\u00a0<span class=\"price-taxes\">(precio +10% IVA: 37,63 \u20ac\/kW)<\/span><\/div>\r\n<div class=\"range range-off-peak\"><span class=\"info\">Valle<\/span>\u00a0<span class=\"range-suffix\">P2<\/span> <span class=\"price\">10,23 <em>\u20ac\/kW<\/em><\/span>\u00a0<span class=\"price-taxes\">(precio +10% IVA: 11,25 \u20ac\/kW)<\/span><\/div>\r\n<\/div>\r\n<\/div>\r\n<div class=\"column\">\r\n<h4>Coste energ\u00eda<\/h4>\r\n<div class=\"ranges with-timetables\">\r\n<div class=\"range range-peak\"><span class=\"info\">Punta<\/span> <span class=\"range-suffix\">P1<\/span> <span class=\"price\">Indexado <em>\u20ac\/kWh<\/em><\/span>\u00a0<span class=\"price-taxes\">(precio +10% IVA: indexado \u20ac\/kWh)<\/span><\/div>\r\n<div class=\"range range-off-peak\"><span class=\"info\">Plano<\/span>\u00a0<span class=\"range-suffix\">P2<\/span> <span class=\"price\">Indexado <em>\u20ac\/kWh<\/em><\/span>\u00a0<span class=\"price-taxes\">(precio +10% IVA: indexado \u20ac\/kWh)<\/span><\/div>\r\n<div class=\"range range-super-off-peak\"><span class=\"info\">Valle<\/span> <span class=\"range-suffix\">P3<\/span> <span class=\"price\">Indexado <em>\u20ac\/kWh<\/em><\/span>\u00a0<span class=\"price-taxes\">(precio +10% IVA: indexado \u20ac\/kWh)<\/span><\/div>\r\n<\/div>\r\n<\/div>\r\n<\/div>\r\n<div class=\"image\"><img class=\"alignnone wp-image-40897 size-full\" src=\"https:\/\/catgas.cat\/wp-content\/uploads\/2021\/05\/horarios_ESP_PuntaPlanoValle.png\" alt=\"\" width=\"1558\" height=\"553\" \/><\/div>\r\n<div class=\"bottom-text\">\r\n<p class=\"more-info\">Seg\u00fan RDL 7\/2026, se aplicar\u00e1 el 10% de IVA en los contratos de m\u00e1ximo 10 kW de potencia. Al resto se aplicar\u00e1 el 21% habitual.<\/p>\r\n<strong>Informaci\u00f3n:<\/strong>\r\nla nueva tarifa 2.0 TD unifica las tarifas anteriores 2.0 A, 2.0 DHA, 2.0 DHS, 2.1 A, 2.1 DHA y 2.1 DHS.\r\n\r\n<\/div>\r\n<div class=\"calculations-text\">\r\n\r\n<u> C\u00e1lculo de precio indexado en fecha <strong>22\/04\/2026<\/strong><\/u>:\r\n<ul>\r\n \t<li>Sin IVA (\u20ac\/kWh) = <strong>P1<\/strong>: 0,1931 \/ <strong>P2<\/strong>: 0,1140 \/ <strong>P3<\/strong>: 0,0943<\/li>\r\n \t<li>Con IVA 10% (\u20ac\/kWh) = <strong>P1<\/strong>: 0,2124 \/ <strong>P2<\/strong>: 0,1254 \/ <strong>P3<\/strong>: 0,1037<\/li>\r\n<\/ul>\r\n<u> F\u00f3rmula de precio indexado<\/u>\r\n<ul>\r\n \t<li><strong>PHF = ([(PMD+PC3+POS+OMIE_REE+DSV+GdO+GO+CD) * (1+P\u00e9rdidas) + FNEE] * (1+IMU)+PA+CSE)<\/strong><\/li>\r\n \t<li><em>PMD<\/em>: PRMDIARI de liquicomun [\u20ac\/MWh]<\/li>\r\n \t<li><em>PC3<\/em>: Pagos por capacidad seg\u00fan BOE [\u20ac\/kWh]<\/li>\r\n \t<li><em>POS<\/em>: Precio Operaci\u00f3n Sistema (prdemcad) [\u20ac\/MWh]<\/li>\r\n \t<li><em>OMIE_REE<\/em>: Remuneraci\u00f3n del operador del mercado (OMIE) y del sistema (REE) [\u20ac\/MWh]<\/li>\r\n \t<li><em>DSV<\/em>: Costes de desv\u00edos [\u20ac\/MWh]<\/li>\r\n \t<li><em>GdO<\/em>: Garant\u00edas de Origen [\u20ac\/MWh]<\/li>\r\n \t<li><em>GO<\/em>: Gastos Operativos (Coeficiente k) [\u20ac\/MWh]<\/li>\r\n \t<li><em>CD<\/em>: Gastos de Desv\u00edo (Coeficiente d) [\u20ac\/MWh]<\/li>\r\n \t<li><em>P\u00e9rdidas<\/em>: P\u00e9rdidas por tarifa [%]<\/li>\r\n \t<li><em>FNEE<\/em>: Fondo de eficiencia # [\u20ac\/MWh]<\/li>\r\n \t<li><em>IMU<\/em>: Impuesto Municipal [%]<\/li>\r\n \t<li><em>PA<\/em>: Peajes de acceso seg\u00fan BOE [\u20ac\/kWh]<\/li>\r\n \t<li><em>CSE<\/em>: Gastos del sistema el\u00e9ctrico seg\u00fan BOE [\u20ac\/kWh]<\/li>\r\n<\/ul>\r\n<\/div>\t\t\t\t\t\t<\/div>\n\t\t\t\t\t\t\t\t\t\t\t\t\t\t\t\t\t\t\t\t<div class=\"query-field query-field-ID\">\n\t\t\t\t\t\t\t46454\t\t\t\t\t\t<\/div>\n\t\t\t\t\t\t\t\t\t\n\t\t\t\t\t<\/div>\n\n\t\n\t\t<div class=\"query-row query-row-odd query-row-1\">\n\t\t\t\n\t\t\t\t\t\t\t\t\t\t\t\t\t\t\t<div class=\"query-field query-field-featured_image\">\n\t\t\t\t\t\t\t<img width=\"717\" height=\"158\" src=\"https:\/\/catgas.cat\/wp-content\/uploads\/2021\/06\/20TDL.png\" class=\"attachment-large size-large\" alt=\"\" srcset=\"https:\/\/catgas.cat\/wp-content\/uploads\/2021\/06\/20TDL.png 717w, https:\/\/catgas.cat\/wp-content\/uploads\/2021\/06\/20TDL-300x66.png 300w, https:\/\/catgas.cat\/wp-content\/uploads\/2021\/06\/20TDL-700x154.png 700w\" sizes=\"(max-width: 717px) 100vw, 717px\" \/>\t\t\t\t\t\t<\/div>\n\t\t\t\t\t\t\t\t\t\t\t\t\t\t\t\t\t\t\t\t<div class=\"query-field query-field-post_content\">\n\t\t\t\t\t\t\t<h2>2.0 <em>TDL<\/em><\/h2>\r\n<h3>De 0 a 15 kW<\/h3>\r\n<div class=\"columns\">\r\n<div class=\"column\">\r\n<h4>Coste potencia anual<\/h4>\r\n<div class=\"ranges with-timetables\">\r\n<div class=\"range range-peak\"><span class=\"info\">Punta<\/span>\u00a0<span class=\"range-suffix\">P1<\/span> <span class=\"price\">34,21 <em>\u20ac\/kW<\/em><\/span>\u00a0<span class=\"price-taxes\">(precio +10% IVA: 37,63 \u20ac\/kW)<\/span><\/div>\r\n<div class=\"range range-off-peak\"><span class=\"info\">Valle<\/span>\u00a0<span class=\"range-suffix\">P2<\/span> <span class=\"price\">10,23 <em>\u20ac\/kW<\/em><\/span>\u00a0<span class=\"price-taxes\">(precio +10% IVA: 11,25 \u20ac\/kW)<\/span><\/div>\r\n<\/div>\r\n<\/div>\r\n<div class=\"column\">\r\n<h4>Coste energ\u00eda<\/h4>\r\n<div class=\"ranges with-timetables\">\r\n<div class=\"range range-peak\"><span class=\"info\">Lineal<\/span> <span class=\"price\">0,1599 <em>\u20ac\/kWh<\/em><\/span> <span class=\"price-taxes\">(precio +10% IVA: 0,1758 \u20ac\/kWh)<\/span><\/div>\r\n<\/div>\r\n<\/div>\r\n<\/div>\r\n<div class=\"image\"><img class=\"alignnone wp-image-47107 size-full\" src=\"https:\/\/catgas.cat\/wp-content\/uploads\/2021\/06\/horarios_ESP_20TDL.png\" alt=\"\" width=\"1404\" height=\"552\" \/><\/div>\r\n<div class=\"bottom-text\">\r\n<p class=\"more-info\">Seg\u00fan RDL 7\/2026, se aplicar\u00e1 el 10% de IVA en los contratos de m\u00e1ximo 10 kW de potencia. Al resto se aplicar\u00e1 el 21% habitual.<\/p>\r\n<p class=\"more-info\">Para m\u00e1s informaci\u00f3n sobre esta tarifa clica <a href=\"https:\/\/catgas.cat\/es\/nuevas-tarifas-luz\/\" target=\"_blank\" rel=\"noopener\">AQU\u00cd<\/a>.<\/p>\r\n<strong>Informaci\u00f3n:<\/strong>\r\nla nueva tarifa 2.0 TDL te da la posibilidad de pagar un precio fijo de energ\u00eda, sin necesidad de preocuparse por los horarios.\r\n\r\n<\/div>\t\t\t\t\t\t<\/div>\n\t\t\t\t\t\t\t\t\t\t\t\t\t\t\t\t\t\t\t\t<div class=\"query-field query-field-ID\">\n\t\t\t\t\t\t\t47133\t\t\t\t\t\t<\/div>\n\t\t\t\t\t\t\t\t\t\n\t\t\t\t\t<\/div>\n\n\t\n\t\t<div class=\"query-row query-row-even query-row-2 query-row-last\">\n\t\t\t\n\t\t\t\t\t\t\t\t\t\t\t\t\t\t\t<div class=\"query-field query-field-featured_image\">\n\t\t\t\t\t\t\t<img width=\"283\" height=\"79\" src=\"https:\/\/catgas.cat\/wp-content\/uploads\/2021\/05\/30td.png\" class=\"attachment-large size-large\" alt=\"\" \/>\t\t\t\t\t\t<\/div>\n\t\t\t\t\t\t\t\t\t\t\t\t\t\t\t\t\t\t\t\t<div class=\"query-field query-field-post_content\">\n\t\t\t\t\t\t\t<h2>3.0 <em>TD<\/em><\/h2>\r\n<h3>M\u00e1s de 15 kW (baja tensi\u00f3n)<\/h3>\r\n<div class=\"columns\">\r\n<div class=\"column\">\r\n<h4>Coste potencia anual<\/h4>\r\n<div class=\"ranges\">\r\n<div class=\"range\"><span class=\"range-suffix\">P1<\/span> <span class=\"price\">25,5390 <em>\u20ac\/kW<\/em><\/span>\u00a0<span class=\"price-taxes\">(precio con IVA: 30,9022 \u20ac\/kW)<\/span><\/div>\r\n<div class=\"range\"><span class=\"range-suffix\">P2<\/span> <span class=\"price\">16,4724 <em>\u20ac\/kW<\/em><\/span>\u00a0<span class=\"price-taxes\">(precio con IVA: 19,9316 \u20ac\/kW)<\/span><\/div>\r\n<div class=\"range\"><span class=\"range-suffix\">P3<\/span> <span class=\"price\">8,5957 <em>\u20ac\/kW<\/em><\/span>\u00a0<span class=\"price-taxes\">(precio con IVA: 10,4008 \u20ac\/kW)<\/span><\/div>\r\n<div class=\"range\"><span class=\"range-suffix\">P4<\/span> <span class=\"price\">7,6383 <em>\u20ac\/kW<\/em><\/span>\u00a0<span class=\"price-taxes\">(precio con IVA: 9,2423 \u20ac\/kW)<\/span><\/div>\r\n<div class=\"range\"><span class=\"range-suffix\">P5<\/span> <span class=\"price\">6,4422 <em>\u20ac\/kW<\/em><\/span>\u00a0<span class=\"price-taxes\">(precio con IVA: 7,7951 \u20ac\/kW)<\/span><\/div>\r\n<div class=\"range\"><span class=\"range-suffix\">P6<\/span> <span class=\"price\">4,4457 <em>\u20ac\/kW<\/em><\/span>\u00a0<span class=\"price-taxes\">(precio con IVA: 5,3793 \u20ac\/kW)<\/span><\/div>\r\n<\/div>\r\n<\/div>\r\n<div class=\"column\">\r\n<h4>Coste energ\u00eda<\/h4>\r\n<div class=\"ranges\">\r\n<div class=\"range\"><span class=\"range-suffix\">P1<\/span> <span class=\"price\">Indexado <em>\u20ac\/kWh<\/em><\/span>\u00a0<span class=\"price-taxes\">(precio con IVA: Indexado \u20ac\/kWh)<\/span><\/div>\r\n<div class=\"range\"><span class=\"range-suffix\">P2<\/span> <span class=\"price\">Indexado <em>\u20ac\/kWh<\/em><\/span>\u00a0<span class=\"price-taxes\">(precio con IVA: Indexado \u20ac\/kWh)<\/span><\/div>\r\n<div class=\"range\"><span class=\"range-suffix\">P3<\/span> <span class=\"price\">Indexado <em>\u20ac\/kWh<\/em><\/span>\u00a0<span class=\"price-taxes\">(precio con IVA: Indexado \u20ac\/kWh)<\/span><\/div>\r\n<div class=\"range\"><span class=\"range-suffix\">P4<\/span> <span class=\"price\">Indexado <em>\u20ac\/kWh<\/em><\/span>\u00a0<span class=\"price-taxes\">(precio con IVA: Indexado \u20ac\/kWh)<\/span><\/div>\r\n<div class=\"range\"><span class=\"range-suffix\">P5<\/span> <span class=\"price\">Indexado <em>\u20ac\/kWh<\/em><\/span>\u00a0<span class=\"price-taxes\">(precio con IVA: Indexado \u20ac\/kWh)<\/span><\/div>\r\n<div class=\"range\"><span class=\"range-suffix\">P6<\/span> <span class=\"price\">Indexado <em>\u20ac\/kWh<\/em><\/span>\u00a0<span class=\"price-taxes\">(precio con IVA: Indexado \u20ac\/kWh)<\/span><\/div>\r\n<\/div>\r\n<\/div>\r\n<\/div>\r\n<div class=\"bottom-text\">\r\n<p class=\"more-info\">Para m\u00e1s informaci\u00f3n sobre esta tarifa clica <a href=\"https:\/\/catgas.cat\/es\/nuevas-tarifas-luz\/\" target=\"_blank\" rel=\"noopener\">AQU\u00cd<\/a><\/p>\r\n<strong>Informaci\u00f3n:<\/strong>\r\nla nueva tarifa 3.0 TD es la que sustituye a la anterior tarifa 3.0 A.\r\n\r\n<\/div>\t\t\t\t\t\t<\/div>\n\t\t\t\t\t\t\t\t\t\t\t\t\t\t\t\t\t\t\t\t<div class=\"query-field query-field-ID\">\n\t\t\t\t\t\t\t46458\t\t\t\t\t\t<\/div>\n\t\t\t\t\t\t\t\t\t\n\t\t\t\t\t<\/div>\n\n\t<\/div>\t\t\t\t\t<\/div>\n\n\t\t\t<\/div>\n<\/div>[\/vc_column_text][\/vc_column][\/vc_row][vc_row css_animation=&#8221;&#8221; row_type=&#8221;row&#8221; use_row_as_full_screen_section=&#8221;no&#8221; type=&#8221;grid&#8221; angled_section=&#8221;no&#8221; text_align=&#8221;left&#8221; background_image_as_pattern=&#8221;without_pattern&#8221; z_index=&#8221;&#8221;][vc_column][vc_column_text el_class=&#8221;bottom-message&#8221;]<strong>\u00a1Importante!<\/strong> Recuerda que tienes que tener la luz ya instalada. <a class=\"more-info\" href=\"#\"><span class=\"question-mark\">?<\/span><span class=\"explanation\"><strong>Si no tienes la luz instalada\u2026<\/strong> se considera que te est\u00e1s dando de alta. Los costes de alta, fijados por el Gobierno, se te cargar\u00e1n en la primera factura.<\/span><\/a>[\/vc_column_text][\/vc_column][\/vc_row]<\/p>\n","protected":false},"excerpt":{"rendered":"<p>[vc_row css_animation=&#8221;&#8221; row_type=&#8221;row&#8221; use_row_as_full_screen_section=&#8221;no&#8221; type=&#8221;grid&#8221; angled_section=&#8221;no&#8221; text_align=&#8221;left&#8221; background_image_as_pattern=&#8221;without_pattern&#8221; z_index=&#8221;&#8221;][vc_column][vc_column_text el_class=&#8221;combo-steps&#8221;] Gas Luz [\/vc_column_text][\/vc_column][\/vc_row][vc_row css_animation=&#8221;&#8221; row_type=&#8221;row&#8221; use_row_as_full_screen_section=&#8221;no&#8221; type=&#8221;grid&#8221; angled_section=&#8221;no&#8221; text_align=&#8221;left&#8221; background_image_as_pattern=&#8221;without_pattern&#8221; z_index=&#8221;&#8221;][vc_column width=&#8221;1\/3&#8243;][vc_column_text el_class=&#8221;subtitle&#8221;] Ahora escoge la tarifa de luz que m\u00e1s te interese [\/vc_column_text][vc_column_text]Escoge la tarifa que mejor se ajuste a tu consumo, ahora todas&#8230;<\/p>\n","protected":false},"author":1,"featured_media":0,"parent":0,"menu_order":0,"comment_status":"closed","ping_status":"closed","template":"full_width.php","meta":[],"categories":[],"tags":[],"section":[99,100,103],"yoast_head":"<!-- This site is optimized with the Yoast SEO plugin v17.2.1 - https:\/\/yoast.com\/wordpress\/plugins\/seo\/ -->\n<meta name=\"robots\" content=\"noindex, follow\" \/>\n<meta property=\"og:locale\" content=\"es_ES\" \/>\n<meta property=\"og:type\" content=\"article\" \/>\n<meta property=\"og:title\" content=\"Tarifas Catgas - Catgas\" \/>\n<meta property=\"og:description\" content=\"[vc_row css_animation=&#8221;&#8221; row_type=&#8221;row&#8221; use_row_as_full_screen_section=&#8221;no&#8221; type=&#8221;grid&#8221; angled_section=&#8221;no&#8221; text_align=&#8221;left&#8221; background_image_as_pattern=&#8221;without_pattern&#8221; z_index=&#8221;&#8221;][vc_column][vc_column_text el_class=&#8221;combo-steps&#8221;] Gas Luz [\/vc_column_text][\/vc_column][\/vc_row][vc_row css_animation=&#8221;&#8221; row_type=&#8221;row&#8221; use_row_as_full_screen_section=&#8221;no&#8221; type=&#8221;grid&#8221; angled_section=&#8221;no&#8221; text_align=&#8221;left&#8221; background_image_as_pattern=&#8221;without_pattern&#8221; z_index=&#8221;&#8221;][vc_column width=&#8221;1\/3&#8243;][vc_column_text el_class=&#8221;subtitle&#8221;] Ahora escoge la tarifa de luz que m\u00e1s te interese [\/vc_column_text][vc_column_text]Escoge la tarifa que mejor se ajuste a tu consumo, ahora todas...\" \/>\n<meta property=\"og:url\" content=\"https:\/\/catgas.cat\/es\/tarifes-combo-2-empresa\/\" \/>\n<meta property=\"og:site_name\" content=\"Catgas\" \/>\n<meta property=\"article:modified_time\" content=\"2021-05-31T17:58:37+00:00\" \/>\n<meta property=\"og:image\" content=\"https:\/\/catgas.cat\/wp-content\/uploads\/2019\/03\/CG_Web_Thumbnail_100.jpg\" \/>\n\t<meta property=\"og:image:width\" content=\"600\" \/>\n\t<meta property=\"og:image:height\" content=\"600\" \/>\n<meta name=\"twitter:card\" content=\"summary_large_image\" \/>\n<meta name=\"twitter:label1\" content=\"Temps estimat de lectura\" \/>\n\t<meta name=\"twitter:data1\" content=\"1 minute\" \/>\n<script type=\"application\/ld+json\" class=\"yoast-schema-graph\">{\"@context\":\"https:\/\/schema.org\",\"@graph\":[{\"@type\":\"Organization\",\"@id\":\"https:\/\/catgas.cat\/#organization\",\"name\":\"Catgas Energia\",\"url\":\"https:\/\/catgas.cat\/\",\"sameAs\":[],\"logo\":{\"@type\":\"ImageObject\",\"@id\":\"https:\/\/catgas.cat\/#logo\",\"inLanguage\":\"es\",\"url\":\"https:\/\/catgas.cat\/wp-content\/uploads\/2019\/02\/logo-catgas.png\",\"contentUrl\":\"https:\/\/catgas.cat\/wp-content\/uploads\/2019\/02\/logo-catgas.png\",\"width\":264,\"height\":90,\"caption\":\"Catgas Energia\"},\"image\":{\"@id\":\"https:\/\/catgas.cat\/#logo\"}},{\"@type\":\"WebSite\",\"@id\":\"https:\/\/catgas.cat\/#website\",\"url\":\"https:\/\/catgas.cat\/\",\"name\":\"Catgas\",\"description\":\"\",\"publisher\":{\"@id\":\"https:\/\/catgas.cat\/#organization\"},\"potentialAction\":[{\"@type\":\"SearchAction\",\"target\":{\"@type\":\"EntryPoint\",\"urlTemplate\":\"https:\/\/catgas.cat\/?s={search_term_string}\"},\"query-input\":\"required name=search_term_string\"}],\"inLanguage\":\"es\"},{\"@type\":\"WebPage\",\"@id\":\"https:\/\/catgas.cat\/es\/tarifes-combo-2-empresa\/#webpage\",\"url\":\"https:\/\/catgas.cat\/es\/tarifes-combo-2-empresa\/\",\"name\":\"Tarifas Catgas - Catgas\",\"isPartOf\":{\"@id\":\"https:\/\/catgas.cat\/#website\"},\"datePublished\":\"2019-04-04T11:30:37+00:00\",\"dateModified\":\"2021-05-31T17:58:37+00:00\",\"breadcrumb\":{\"@id\":\"https:\/\/catgas.cat\/es\/tarifes-combo-2-empresa\/#breadcrumb\"},\"inLanguage\":\"es\",\"potentialAction\":[{\"@type\":\"ReadAction\",\"target\":[\"https:\/\/catgas.cat\/es\/tarifes-combo-2-empresa\/\"]}]},{\"@type\":\"BreadcrumbList\",\"@id\":\"https:\/\/catgas.cat\/es\/tarifes-combo-2-empresa\/#breadcrumb\",\"itemListElement\":[{\"@type\":\"ListItem\",\"position\":1,\"name\":\"Inici\",\"item\":\"https:\/\/catgas.cat\/es\/\"},{\"@type\":\"ListItem\",\"position\":2,\"name\":\"Tarifas Catgas\"}]}]}<\/script>\n<!-- \/ Yoast SEO plugin. -->","yoast_head_json":{"robots":{"index":"noindex","follow":"follow"},"og_locale":"es_ES","og_type":"article","og_title":"Tarifas Catgas - Catgas","og_description":"[vc_row css_animation=&#8221;&#8221; row_type=&#8221;row&#8221; use_row_as_full_screen_section=&#8221;no&#8221; type=&#8221;grid&#8221; angled_section=&#8221;no&#8221; text_align=&#8221;left&#8221; background_image_as_pattern=&#8221;without_pattern&#8221; z_index=&#8221;&#8221;][vc_column][vc_column_text el_class=&#8221;combo-steps&#8221;] Gas Luz [\/vc_column_text][\/vc_column][\/vc_row][vc_row css_animation=&#8221;&#8221; row_type=&#8221;row&#8221; use_row_as_full_screen_section=&#8221;no&#8221; type=&#8221;grid&#8221; angled_section=&#8221;no&#8221; text_align=&#8221;left&#8221; background_image_as_pattern=&#8221;without_pattern&#8221; z_index=&#8221;&#8221;][vc_column width=&#8221;1\/3&#8243;][vc_column_text el_class=&#8221;subtitle&#8221;] Ahora escoge la tarifa de luz que m\u00e1s te interese [\/vc_column_text][vc_column_text]Escoge la tarifa que mejor se ajuste a tu consumo, ahora todas...","og_url":"https:\/\/catgas.cat\/es\/tarifes-combo-2-empresa\/","og_site_name":"Catgas","article_modified_time":"2021-05-31T17:58:37+00:00","og_image":[{"width":600,"height":600,"url":"https:\/\/catgas.cat\/wp-content\/uploads\/2019\/03\/CG_Web_Thumbnail_100.jpg","path":"\/home\/catgasca\/public_html\/wp-content\/uploads\/2019\/03\/CG_Web_Thumbnail_100.jpg","size":"full","id":880,"alt":"","pixels":360000,"type":"image\/jpeg"}],"twitter_card":"summary_large_image","twitter_misc":{"Temps estimat de lectura":"1 minute"},"schema":{"@context":"https:\/\/schema.org","@graph":[{"@type":"Organization","@id":"https:\/\/catgas.cat\/#organization","name":"Catgas Energia","url":"https:\/\/catgas.cat\/","sameAs":[],"logo":{"@type":"ImageObject","@id":"https:\/\/catgas.cat\/#logo","inLanguage":"es","url":"https:\/\/catgas.cat\/wp-content\/uploads\/2019\/02\/logo-catgas.png","contentUrl":"https:\/\/catgas.cat\/wp-content\/uploads\/2019\/02\/logo-catgas.png","width":264,"height":90,"caption":"Catgas Energia"},"image":{"@id":"https:\/\/catgas.cat\/#logo"}},{"@type":"WebSite","@id":"https:\/\/catgas.cat\/#website","url":"https:\/\/catgas.cat\/","name":"Catgas","description":"","publisher":{"@id":"https:\/\/catgas.cat\/#organization"},"potentialAction":[{"@type":"SearchAction","target":{"@type":"EntryPoint","urlTemplate":"https:\/\/catgas.cat\/?s={search_term_string}"},"query-input":"required name=search_term_string"}],"inLanguage":"es"},{"@type":"WebPage","@id":"https:\/\/catgas.cat\/es\/tarifes-combo-2-empresa\/#webpage","url":"https:\/\/catgas.cat\/es\/tarifes-combo-2-empresa\/","name":"Tarifas Catgas - Catgas","isPartOf":{"@id":"https:\/\/catgas.cat\/#website"},"datePublished":"2019-04-04T11:30:37+00:00","dateModified":"2021-05-31T17:58:37+00:00","breadcrumb":{"@id":"https:\/\/catgas.cat\/es\/tarifes-combo-2-empresa\/#breadcrumb"},"inLanguage":"es","potentialAction":[{"@type":"ReadAction","target":["https:\/\/catgas.cat\/es\/tarifes-combo-2-empresa\/"]}]},{"@type":"BreadcrumbList","@id":"https:\/\/catgas.cat\/es\/tarifes-combo-2-empresa\/#breadcrumb","itemListElement":[{"@type":"ListItem","position":1,"name":"Inici","item":"https:\/\/catgas.cat\/es\/"},{"@type":"ListItem","position":2,"name":"Tarifas Catgas"}]}]}},"_links":{"self":[{"href":"https:\/\/catgas.cat\/es\/wp-json\/wp\/v2\/pages\/1031"}],"collection":[{"href":"https:\/\/catgas.cat\/es\/wp-json\/wp\/v2\/pages"}],"about":[{"href":"https:\/\/catgas.cat\/es\/wp-json\/wp\/v2\/types\/page"}],"author":[{"embeddable":true,"href":"https:\/\/catgas.cat\/es\/wp-json\/wp\/v2\/users\/1"}],"replies":[{"embeddable":true,"href":"https:\/\/catgas.cat\/es\/wp-json\/wp\/v2\/comments?post=1031"}],"version-history":[{"count":5,"href":"https:\/\/catgas.cat\/es\/wp-json\/wp\/v2\/pages\/1031\/revisions"}],"predecessor-version":[{"id":46475,"href":"https:\/\/catgas.cat\/es\/wp-json\/wp\/v2\/pages\/1031\/revisions\/46475"}],"wp:attachment":[{"href":"https:\/\/catgas.cat\/es\/wp-json\/wp\/v2\/media?parent=1031"}],"wp:term":[{"taxonomy":"category","embeddable":true,"href":"https:\/\/catgas.cat\/es\/wp-json\/wp\/v2\/categories?post=1031"},{"taxonomy":"post_tag","embeddable":true,"href":"https:\/\/catgas.cat\/es\/wp-json\/wp\/v2\/tags?post=1031"},{"taxonomy":"section","embeddable":true,"href":"https:\/\/catgas.cat\/es\/wp-json\/wp\/v2\/section?post=1031"}],"curies":[{"name":"wp","href":"https:\/\/api.w.org\/{rel}","templated":true}]}}